{"id":161,"date":"2025-02-06T16:38:24","date_gmt":"2025-02-06T15:38:24","guid":{"rendered":"https:\/\/www.kath-kirche-lb.de\/hkl\/?post_type=mec-events&#038;p=161"},"modified":"2026-03-21T09:47:23","modified_gmt":"2026-03-21T08:47:23","slug":"161","status":"publish","type":"mec-events","link":"https:\/\/www.kath-kirche-lb.de\/hkl\/events\/161\/","title":{"rendered":"Gemeinsam-Caf\u00e9"},"content":{"rendered":"<p>Gemeinsam Deutsch lernen, miteinander sprechen und neue Kontakte kn\u00fcpfen &#8211; Ganz entspannt bei Kaffee und Tee.<\/p>\n<p>Im Gemeinsam-Caf\u00e9 wollen wir miteinander und voneinander lernen. Dabei sind alle Menschen willkommen, unabh\u00e4ngig von ihren Deutschkenntnissen, unabh\u00e4ngig von ihrer Herkunft, Religion, Alter, Geschlecht, etc.<\/p>\n<p>Wie? Mit viel Freude und Lutz M\u00fcller.<br \/>\nWarum? Weil gemeinsam vieles leichter und sch\u00f6ner ist.<\/p>\n<p>09:30 bis 11:00 Uhr im Haus der Katholischen Kirche (Gartensaal)<\/p>\n","protected":false},"excerpt":{"rendered":"<p>Gemeinsam Deutsch lernen, miteinander sprechen und neue Kontakte kn\u00fcpfen &#8211; Ganz entspannt bei Kaffee und Tee. Im Gemeinsam-Caf\u00e9 wollen wir miteinander und voneinander lernen. Dabei sind alle Menschen willkommen, unabh\u00e4ngig von ihren Deutschkenntnissen, unabh\u00e4ngig von ihrer Herkunft, Religion, Alter, Geschlecht, etc. Wie? Mit viel Freude und Lutz M\u00fcller. Warum? Weil gemeinsam vieles leichter und sch\u00f6ner [&hellip;]<\/p>\n","protected":false},"author":20,"featured_media":162,"comment_status":"closed","ping_status":"closed","template":"","tags":[],"mec_category":[5],"class_list":["post-161","mec-events","type-mec-events","status-publish","has-post-thumbnail","hentry","mec_category-veranstaltung"],"_links":{"self":[{"href":"https:\/\/www.kath-kirche-lb.de\/hkl\/wp-json\/wp\/v2\/mec-events\/161","targetHints":{"allow":["GET"]}}],"collection":[{"href":"https:\/\/www.kath-kirche-lb.de\/hkl\/wp-json\/wp\/v2\/mec-events"}],"about":[{"href":"https:\/\/www.kath-kirche-lb.de\/hkl\/wp-json\/wp\/v2\/types\/mec-events"}],"author":[{"embeddable":true,"href":"https:\/\/www.kath-kirche-lb.de\/hkl\/wp-json\/wp\/v2\/users\/20"}],"replies":[{"embeddable":true,"href":"https:\/\/www.kath-kirche-lb.de\/hkl\/wp-json\/wp\/v2\/comments?post=161"}],"wp:featuredmedia":[{"embeddable":true,"href":"https:\/\/www.kath-kirche-lb.de\/hkl\/wp-json\/wp\/v2\/media\/162"}],"wp:attachment":[{"href":"https:\/\/www.kath-kirche-lb.de\/hkl\/wp-json\/wp\/v2\/media?parent=161"}],"wp:term":[{"taxonomy":"post_tag","embeddable":true,"href":"https:\/\/www.kath-kirche-lb.de\/hkl\/wp-json\/wp\/v2\/tags?post=161"},{"taxonomy":"mec_category","embeddable":true,"href":"https:\/\/www.kath-kirche-lb.de\/hkl\/wp-json\/wp\/v2\/mec_category?post=161"}],"curies":[{"name":"wp","href":"https:\/\/api.w.org\/{rel}","templated":true}]}}