{"id":75,"date":"2024-12-25T20:51:28","date_gmt":"2024-12-25T19:51:28","guid":{"rendered":"https:\/\/www.kath-kirche-lb.de\/hkl\/?post_type=mec-events&#038;p=75"},"modified":"2025-12-20T07:05:36","modified_gmt":"2025-12-20T06:05:36","slug":"ruhegebet","status":"publish","type":"mec-events","link":"https:\/\/www.kath-kirche-lb.de\/hkl\/events\/ruhegebet\/","title":{"rendered":"Ruhegebet"},"content":{"rendered":"<div class=\"wp-block-media-text__content\">\n<p>findet jeden 3. Dienstag um 18:30 im Meditationsraum statt.<\/p>\n<p><strong>Das Ruhegebet ist ein einfaches und m\u00fcheloses Gebet, das zur wirklichen, unersch\u00f6pflichen Kraftquelle f\u00fchrt.<\/strong> Der Betende wird frei von unn\u00f6tigem Ballast, so dass er seinen eigenen Weg erkennen, gehen und bejahen kann. Gerade in der heutigen Zeit kommt das Ruhegebet dem menschlichen Bed\u00fcrfnis nach Ruhe und Selbstfindung im Dialog mit Gott entgegen.<\/p>\n<\/div>\n","protected":false},"excerpt":{"rendered":"<p>findet jeden 3. Dienstag um 18:30 im Meditationsraum statt. Das Ruhegebet ist ein einfaches und m\u00fcheloses Gebet, das zur wirklichen, unersch\u00f6pflichen Kraftquelle f\u00fchrt. Der Betende wird frei von unn\u00f6tigem Ballast, so dass er seinen eigenen Weg erkennen, gehen und bejahen kann. Gerade in der heutigen Zeit kommt das Ruhegebet dem menschlichen Bed\u00fcrfnis nach Ruhe und [&hellip;]<\/p>\n","protected":false},"author":20,"featured_media":76,"comment_status":"open","ping_status":"closed","template":"","tags":[],"mec_category":[5],"class_list":["post-75","mec-events","type-mec-events","status-publish","has-post-thumbnail","hentry","mec_category-veranstaltung"],"_links":{"self":[{"href":"https:\/\/www.kath-kirche-lb.de\/hkl\/wp-json\/wp\/v2\/mec-events\/75","targetHints":{"allow":["GET"]}}],"collection":[{"href":"https:\/\/www.kath-kirche-lb.de\/hkl\/wp-json\/wp\/v2\/mec-events"}],"about":[{"href":"https:\/\/www.kath-kirche-lb.de\/hkl\/wp-json\/wp\/v2\/types\/mec-events"}],"author":[{"embeddable":true,"href":"https:\/\/www.kath-kirche-lb.de\/hkl\/wp-json\/wp\/v2\/users\/20"}],"replies":[{"embeddable":true,"href":"https:\/\/www.kath-kirche-lb.de\/hkl\/wp-json\/wp\/v2\/comments?post=75"}],"wp:featuredmedia":[{"embeddable":true,"href":"https:\/\/www.kath-kirche-lb.de\/hkl\/wp-json\/wp\/v2\/media\/76"}],"wp:attachment":[{"href":"https:\/\/www.kath-kirche-lb.de\/hkl\/wp-json\/wp\/v2\/media?parent=75"}],"wp:term":[{"taxonomy":"post_tag","embeddable":true,"href":"https:\/\/www.kath-kirche-lb.de\/hkl\/wp-json\/wp\/v2\/tags?post=75"},{"taxonomy":"mec_category","embeddable":true,"href":"https:\/\/www.kath-kirche-lb.de\/hkl\/wp-json\/wp\/v2\/mec_category?post=75"}],"curies":[{"name":"wp","href":"https:\/\/api.w.org\/{rel}","templated":true}]}}